{"id":588,"date":"2022-09-26T18:10:30","date_gmt":"2022-09-26T18:10:30","guid":{"rendered":"https:\/\/dibusdibujosydibujines.es\/?page_id=588"},"modified":"2025-10-11T22:42:37","modified_gmt":"2025-10-11T22:42:37","slug":"la-escuela","status":"publish","type":"page","link":"https:\/\/dibusdibujosydibujines.es\/","title":{"rendered":"Taller de Arte"},"content":{"rendered":"\n<h2 class=\"wp-block-heading has-text-color\" style=\"color:#ec0202\">Descubre nuestro Taller de Arte en Matar\u00f3 con clases de dibujo y pintura, Manga e iIustraci\u00f3n digital con Ia IA para todas las edades.<\/h2>\n\n\n\n<hr class=\"wp-block-separator has-text-color has-alpha-channel-opacity has-background is-style-wide\" style=\"background-color:#ce0202;color:#ce0202\"\/>\n\n\n\n<div style=\"height:20px\" aria-hidden=\"true\" class=\"wp-block-spacer\"><\/div>\n\n\n<div class=\"wp-block-image\">\n<figure class=\"aligncenter size-large\"><img loading=\"lazy\" decoding=\"async\" width=\"1024\" height=\"631\" src=\"https:\/\/dibusdibujosydibujines.es\/wp-content\/uploads\/2025\/10\/academia-2025@3x-1024x631.png\" alt=\"\" class=\"wp-image-1293\" srcset=\"https:\/\/dibusdibujosydibujines.es\/wp-content\/uploads\/2025\/10\/academia-2025@3x-1024x631.png 1024w, https:\/\/dibusdibujosydibujines.es\/wp-content\/uploads\/2025\/10\/academia-2025@3x-300x185.png 300w, https:\/\/dibusdibujosydibujines.es\/wp-content\/uploads\/2025\/10\/academia-2025@3x-768x473.png 768w, https:\/\/dibusdibujosydibujines.es\/wp-content\/uploads\/2025\/10\/academia-2025@3x-1536x946.png 1536w, https:\/\/dibusdibujosydibujines.es\/wp-content\/uploads\/2025\/10\/academia-2025@3x-2048x1262.png 2048w\" sizes=\"auto, (max-width: 706px) 89vw, (max-width: 767px) 82vw, 740px\" \/><\/figure>\n<\/div>\n\n\n<div style=\"height:20px\" aria-hidden=\"true\" class=\"wp-block-spacer\"><\/div>\n\n\n\n<p class=\"has-text-align-left wp-block-paragraph\" style=\"font-size:16px\">Mi propuesta pedag\u00f3gica en ilustraci\u00f3n surge de una necesidad educativa que, hoy en d\u00eda, pocas actividades extraescolares contemplan: ofrecer un espacio donde el arte <br>y la ilustraci\u00f3n no sean solo una actividad manual, sino una herramienta para pensar, observar y comunicarse.<\/p>\n\n\n\n<p class=\"wp-block-paragraph\">Con m\u00e1s de veinte a\u00f1os de experiencia en el mundo de la ilustraci\u00f3n y una s\u00f3lida formaci\u00f3n art\u00edstica, he desarrollado una metodolog\u00eda propia que combina la pr\u00e1ctica art\u00edstica con el acompa\u00f1amiento pedag\u00f3gico. <strong>Mi objetivo es fomentar en cada alumno y alumna la capacidad de mirar con curiosidad, expresar ideas con autenticidad y disfrutar del proceso creativo sin juicios ni comparaciones.<\/strong><\/p>\n\n\n\n<p class=\"wp-block-paragraph\">En mis talleres, la ilustraci\u00f3n se convierte en un medio para explorar emociones, construir relatos visuales y descubrir el valor del error como parte esencial del aprendizaje. A trav\u00e9s del dibujo, el color, la composici\u00f3n y la narrativa visual, los participantes aprenden a desarrollar una mirada cr\u00edtica y personal sobre su entorno.<\/p>\n\n\n\n<p class=\"has-text-align-left wp-block-paragraph\" style=\"font-size:16px\">Esta propuesta formativa est\u00e1 pensada para cubrir un vac\u00edo en las actividades extraescolares tradicionales, donde a menudo se prioriza la t\u00e9cnica o el resultado final por encima del proceso creativo y reflexivo. En cambio,<strong> mi enfoque pone en el centro la experimentaci\u00f3n, la sensibilidad art\u00edstica y el pensamiento visual, ofreciendo un espacio educativo que nutre tanto la creatividad como la autoestima.<\/strong><\/p>\n\n\n\n<div style=\"height:20px\" aria-hidden=\"true\" class=\"wp-block-spacer\"><\/div>\n\n\n\n<div style=\"height:70px\" aria-hidden=\"true\" class=\"wp-block-spacer\"><\/div>\n\n\n\n<p class=\"wp-block-paragraph\"><\/p>\n","protected":false},"excerpt":{"rendered":"<p>Descubre nuestro Taller de Arte en Matar\u00f3 con clases de dibujo y pintura, Manga e iIustraci\u00f3n digital con Ia IA para todas las edades. Mi propuesta pedag\u00f3gica en ilustraci\u00f3n surge de una necesidad educativa que, hoy en d\u00eda, pocas actividades extraescolares contemplan: ofrecer un espacio donde el arte y la ilustraci\u00f3n no sean solo una &hellip; <\/p>\n<p class=\"link-more\"><a href=\"https:\/\/dibusdibujosydibujines.es\/\" class=\"more-link\">Continuar leyendo<span class=\"screen-reader-text\"> \u00abTaller de Arte\u00bb<\/span><\/a><\/p>\n","protected":false},"author":1,"featured_media":0,"parent":0,"menu_order":0,"comment_status":"closed","ping_status":"closed","template":"","meta":{"_coblocks_attr":"","_coblocks_dimensions":"","_coblocks_responsive_height":"","_coblocks_accordion_ie_support":"","footnotes":""},"class_list":["post-588","page","type-page","status-publish","hentry"],"_links":{"self":[{"href":"https:\/\/dibusdibujosydibujines.es\/index.php\/wp-json\/wp\/v2\/pages\/588","targetHints":{"allow":["GET"]}}],"collection":[{"href":"https:\/\/dibusdibujosydibujines.es\/index.php\/wp-json\/wp\/v2\/pages"}],"about":[{"href":"https:\/\/dibusdibujosydibujines.es\/index.php\/wp-json\/wp\/v2\/types\/page"}],"author":[{"embeddable":true,"href":"https:\/\/dibusdibujosydibujines.es\/index.php\/wp-json\/wp\/v2\/users\/1"}],"replies":[{"embeddable":true,"href":"https:\/\/dibusdibujosydibujines.es\/index.php\/wp-json\/wp\/v2\/comments?post=588"}],"version-history":[{"count":30,"href":"https:\/\/dibusdibujosydibujines.es\/index.php\/wp-json\/wp\/v2\/pages\/588\/revisions"}],"predecessor-version":[{"id":1294,"href":"https:\/\/dibusdibujosydibujines.es\/index.php\/wp-json\/wp\/v2\/pages\/588\/revisions\/1294"}],"wp:attachment":[{"href":"https:\/\/dibusdibujosydibujines.es\/index.php\/wp-json\/wp\/v2\/media?parent=588"}],"curies":[{"name":"wp","href":"https:\/\/api.w.org\/{rel}","templated":true}]}}